{"id":11549,"date":"2019-08-27T14:42:25","date_gmt":"2019-08-27T12:42:25","guid":{"rendered":"https:\/\/apprendre-efficacement.fr\/?page_id=11549"},"modified":"2023-04-16T14:38:49","modified_gmt":"2023-04-16T12:38:49","slug":"coaching-individuel-et-personnalise","status":"publish","type":"page","link":"https:\/\/valeriedauchez.com\/en\/coaching-individuel-et-personnalise\/","title":{"rendered":"Coaching individuel et personnalis\u00e9"},"content":{"rendered":"<h3 style=\"text-align: center;\"><span style=\"color: #000000;\"><b>D\u00c9ROULEMENT<\/b><b>\u00a0DES\u00a0<\/b><b>S\u00c9ANCES<\/b><\/span><\/h3>\n<h3 style=\"margin-bottom: .0001pt; text-align: center; line-height: normal;\" align=\"center\"><span style=\"color: #000000;\"><b>D&#8217;ACCOMPAGNEMENT<\/b><\/span><\/h3>\n<h3><\/h3>\n<h6 style=\"margin-bottom: 18.75pt; text-align: justify; line-height: normal; background-image: initial; background-position: initial; background-size: initial; background-repeat: initial; background-attachment: initial; background-origin: initial; background-clip: initial;\"><span style=\"color: #000000;\">Je vous propose diff\u00e9rents services :<\/span><\/h6>\n<h5 style=\"margin-bottom: 18.75pt; text-align: justify; line-height: normal; background-image: initial; background-position: initial; background-size: initial; background-repeat: initial; background-attachment: initial; background-origin: initial; background-clip: initial;\"><span style=\"color: #000000;\"><b>\u21d2<\/b><b> COACHING INDIVIDUEL ET PERSONNALISE<\/b><\/span><\/h5>\n<p style=\"margin-bottom: 18.75pt; text-align: justify; line-height: normal; background-image: initial; background-position: initial; background-size: initial; background-repeat: initial; background-attachment: initial; background-origin: initial; background-clip: initial;\"><span style=\"color: #000000;\"><b>Comment se d\u00e9roulent-elles ?<\/b><\/span><\/p>\n<h5 style=\"margin-bottom: 0.0001pt; text-align: justify; line-height: normal; background-image: initial; background-position: initial; background-size: initial; background-repeat: initial; background-attachment: initial; background-origin: initial; background-clip: initial;\"><span style=\"color: #000000;\"><b>Lorsque vous d\u00e9cidez de vous inscrire \u00e0 un des coaching, <\/b>un questionnaire pour mieux vous conna\u00eetre vous est transmis. Vous devrez le remplir et le renvoyer avant la 1\u00e8re s\u00e9ance de coaching.<\/span><\/h5>\n<h5 style=\"margin-bottom: 0.0001pt; text-align: justify; line-height: normal; background-image: initial; background-position: initial; background-size: initial; background-repeat: initial; background-attachment: initial; background-origin: initial; background-clip: initial;\"><span style=\"color: #000000;\">Cela me permet d&#8217;avoir un aper\u00e7u de la situation (avant d&#8217;en parler ensemble) et de pouvoir commencer le processus de changement rapidement.<\/span><\/h5>\n<h5 style=\"margin-bottom: 0.0001pt; text-align: justify; line-height: normal; background-image: initial; background-position: initial; background-size: initial; background-repeat: initial; background-attachment: initial; background-origin: initial; background-clip: initial;\"><\/h5>\n<h5 style=\"mso-add-space: auto; text-indent: -18.0pt; line-height: 107%; mso-list: l7 level1 lfo7; margin: 0cm 0cm 2.2pt 21.3pt;\"><span style=\"color: #000000;\">\u00ab\u00a0 <!--[endif]--><b>Le coaching est individuel et personnalis\u00e9 selon le besoin du coach\u00e9.\u00a0<\/b><\/span><\/h5>\n<h5 style=\"mso-add-space: auto; text-indent: -18.0pt; line-height: 107%; mso-list: l7 level1 lfo7; margin: 0cm 0cm 2.2pt 21.3pt;\"><span style=\"color: #000000;\"><b>Exemples :<\/b><\/span><\/h5>\n<h5><\/h5>\n<p style=\"mso-add-space: auto; text-indent: -18.0pt; line-height: 107%; mso-list: l7 level1 lfo7; margin: 0cm 0cm 2.2pt 21.3pt;\"><span style=\"color: #000000;\"><strong>\u00a0\u2192 En g\u00e9n\u00e9ral :<\/strong><\/span><\/p>\n<h5 style=\"mso-add-space: auto; text-indent: -18.0pt; line-height: 107%; mso-list: l7 level1 lfo7; margin: 0cm 0cm 2.2pt 21.3pt;\"><span style=\"color: #000000;\"><strong>\u00a0<\/strong><\/span><\/h5>\n<ul style=\"list-style-type: disc;\">\n<li>\n<h5><span style=\"color: #000000;\">Adopter de bonnes habitudes\u00a0(hygi\u00e8ne de vie,: heures de coucher\/lever, alimentation, sport, etc. organisation, etc.)<\/span><\/h5>\n<\/li>\n<li>\n<h5><span style=\"color: #000000;\">Gestion des \u00e9motions\u00a0<\/span><\/h5>\n<\/li>\n<li>\n<h5><span style=\"color: #000000;\">Confiance en soi\u00a0<\/span><\/h5>\n<\/li>\n<li>\n<h5><span style=\"color: #000000;\">Se recentrer, se conna\u00eetre de l&#8217;int\u00e9rieur<\/span><\/h5>\n<\/li>\n<li>\n<h5><span style=\"color: #000000;\">S&#8217;occuper de son BIEN-\u00caTRE<\/span><\/h5>\n<\/li>\n<\/ul>\n<h5><span style=\"color: #000000;\"><strong>\u00a0Etc,<\/strong><\/span><\/h5>\n<h5><span style=\"color: #000000;\"><strong>\u00a0\u2192 Pour les jeunes :<\/strong><\/span><\/h5>\n<ul style=\"list-style-type: disc;\">\n<li>\n<h5><span style=\"color: #000000;\">Se conna\u00eetre en tant qu\u2019apprenant<\/span><\/h5>\n<\/li>\n<li>\n<h5><span style=\"color: #000000;\">Augmenter son potentiel intellectuel et \u00e9motionnel\u00a0 \u00a0 \u00a0 \u00a0 \u00a0 \u00a0 \u00a0 \u00a0 \u00a0 \u00a0 \u00a0 \u00a0 \u00a0 \u00a0 \u00a0 \u00a0 \u00a0 \u00a0 \u00a0 \u00a0 \u00a0 \u00a0 \u00a0 \u00a0 \u00a0 \u00a0\u00a0<\/span><\/h5>\n<\/li>\n<li>\n<h5><span style=\"color: #000000;\">Apprendre \u00e0 se motiver\u00a0 \u00a0 \u00a0 \u00a0 \u00a0 \u00a0 \u00a0 \u00a0 \u00a0 \u00a0 \u00a0 \u00a0 \u00a0 \u00a0 \u00a0 \u00a0 \u00a0 \u00a0 \u00a0 \u00a0 \u00a0 \u00a0 \u00a0 \u00a0 \u00a0 \u00a0 \u00a0 \u00a0 \u00a0 \u00a0 \u00a0 \u00a0\u00a0\u00a0<\/span><\/h5>\n<\/li>\n<li>\n<h5><span style=\"color: #000000;\">M\u00e9thodologie : apprendre efficacement\u00a0(organisation, \u00e9crans, habitudes, etc. )\u00a0<\/span><\/h5>\n<\/li>\n<li>\n<h5><span style=\"color: #000000;\">Apprendre \u00e0 se concentrer\u00a0 \u00a0 \u00a0\u00a0\u00a0 \u00a0<\/span><\/h5>\n<\/li>\n<\/ul>\n<h5 style=\"text-indent: -18pt; text-align: left;\"><span style=\"color: #000000;\">\u00a0 \u00a0 \u00a0 <strong>\u00a0Etc,<\/strong><\/span><\/h5>\n<h5 style=\"text-indent: -18pt; text-align: left;\"><span style=\"color: #000000;\">\u00a0 \u00a0<b>L&#8217;accompagnement de votre enfant<\/b>\u00a0: lui permettra de d\u00e9couvrir son plein <strong>POTENTIEL<\/strong>, ses <strong>VALEURS<\/strong>, sa <strong>MISSION DE VIE, SA VOIE PROFESSIONNELLE<\/strong>. Il pourra gr\u00e2ce \u00e0 des exercices apprendre \u00e0 d\u00e9velopper ses comp\u00e9tences \u00e9motionnelles et intellectuelles afin de reprendre <strong>CONFIANCE<\/strong> en lui. et en ses capacit\u00e9s \u00e0 <strong>R\u00c9USSIR<\/strong>.<\/span><\/h5>\n<h5><span style=\"color: #000000;\">Il d\u00e9couvrira sa m\u00e9thode pr\u00e9f\u00e9rentielle d&#8217;apprentissage pour apprendre plus efficacement. Nous mettrons en place de nouvelles <strong>HABITUDES<\/strong> pour am\u00e9liorer son apprentissage et le rendre plus<strong> CONFIANT<\/strong> et <strong>AUTONOME<\/strong>.<\/span><\/h5>\n<p><span style=\"color: #000000;\"><b>Que ce soit pour votre enfant ou pour vous :<\/b><\/span><\/p>\n<h5><span style=\"color: #000000;\">Il est vraiment important <b>d&#8217;apprendre \u00e0<\/b> <strong>G\u00c9RER SES \u00c9MOTIONS<\/strong> avant un examen, un oral, une conf\u00e9rence ou lors d&#8217;un grand stress. Cela se fera par exemple, par l&#8217;apprentissage de l&#8217;ancrage ou de la pratique de la respiration consciente, qui permet de retrouver son calme avant de travailler pour \u00eatre plus <strong>CONCENTR\u00c9<\/strong> et <strong>EFFICACE ou d&#8217;avoir de meilleures relations avec les autres et\/ou d&#8217;appr\u00e9hender une situation avec CONFIANCE et SERENITE.<\/strong><\/span><\/h5>\n<p><span style=\"color: #000000;\">L&#8217;objectif principal de mes accompagnements est de vous aider \u00e0 comprendre que vous \u00eates le\/la\u00a0<strong>SEUL.E RESPONSABLE<\/strong> de votre\u00a0<strong>R\u00c9USSITE.<\/strong><\/span><\/p>\n<h5><span style=\"color: #000000;\"><b>Un r\u00e9el suivi sera r\u00e9alis\u00e9 sur la plateforme WIMI qui permet de regrouper tout le contenu des s\u00e9ances : <\/b>supports de cours et d&#8217;exercices, les rendez-vous, les visios conf\u00e9rences, les rappels des t\u00e2ches pour permettre la bonne mise en place des habitudes : <b>De quoi faciliter les accompagnements!<\/b><\/span><\/h5>\n<h5><span style=\"color: #000000;\">Certifi\u00e9e en Mindfulness, en sciences cognitives, en gestion du stress, praticienne en troubles du comportements cognitifs, coach en nutrition, etc., j&#8217;utilise des outils et techniques issus du D\u00e9veloppement Personnel et des Sciences cognitives\u00a0<\/span><\/h5>\n<h5><span style=\"color: #000000;\"><strong style=\"font-family: 'Times New Roman'; font-size: 20px; text-align: center; text-indent: -24px;\">(Mindfulness : Pleine Conscience, ancrage, m\u00e9ditation, Neuropuncture, PNL, etc.)<\/strong><\/span><\/h5>\n<h5 style=\"text-align: justify; text-indent: -.5pt; line-height: normal; margin: 0cm -.3pt 2.0pt 0cm;\"><\/h5>\n<h5><span style=\"color: #000000;\"><img fetchpriority=\"high\" decoding=\"async\" src=\"https:\/\/apprendre-efficacement.fr\/wp-content\/uploads\/2020\/05\/D\u00e9couvrons-ENSEMBLE-votre-POTENTIEL-1-e1590411753894.png\" alt=\"D\u00e9couvrons ENSEMBLE votre POTENTIEL\" width=\"300\" height=\"262\" \/><\/span><\/h5>\n<h5><span style=\"color: #000000;\">On peut tout \u00e0 fait coupler les besoins ou\/ et en d\u00e9finir d\u2019autres selon le profil du coach\u00e9.<\/span><\/h5>\n<h5><span style=\"color: #000000;\">\u00a0 \u00a0 \u00a0\u00a0 <strong>\u21d2 Les s\u00e9ances de coaching se r\u00e9alisent en face \u00e0 face et\/ou en visioconf\u00e9rence via : Messenger ou Skype.<\/strong><\/span><\/h5>\n<h5><span style=\"color: #000000;\">\u00ab <strong>1<sup>\u00e8re<\/sup> s\u00e9ance<\/strong> <strong>de coaching &#8211; Diagnostique des besoins r\u00e9els du coach\u00e9<\/strong>:\u00a0(45 min\/1h)<\/span><\/h5>\n<ul>\n<li>\n<h5><span style=\"color: #000000;\"><strong>Prise de contact avec le coach\u00e9<\/strong>\u00a0: demande d\u2019informations\u00a0 \u00a0<\/span><\/h5>\n<\/li>\n<li>\n<h5><span style=\"color: #000000;\"><strong>D\u00e9finition des besoins r\u00e9els et prioritaires du coach\u00e9<\/strong>\u00a0<\/span><\/h5>\n<\/li>\n<li>\n<h5><span style=\"color: #000000;\"><strong>Mise en lumi\u00e8re des<\/strong> <strong>objectifs \u00e0 atteindre<\/strong><\/span><\/h5>\n<\/li>\n<li>\n<h5><span style=\"color: #000000;\"><strong>Prise d\u2019engagement<\/strong><\/span><\/h5>\n<\/li>\n<\/ul>\n<h5><span style=\"color: #000000;\"><strong>\u00a0 PROGRESSER VERS LA R\u00c9USSITE : se sentir SEREIN et CONFIANT<\/strong><\/span><\/h5>\n<ul>\n<li>\n<h5><span style=\"color: #000000;\">Il faut <strong>au minimum 4 mois pour adopter les bonnes m\u00e9thodes et progresser avec un suivi en coaching.\u00a0<\/strong><\/span><\/h5>\n<\/li>\n<li>\n<h5><span style=\"color: #000000;\"><strong>Je recommande donc 16 s\u00e9ances\u00a0<\/strong><strong>de 30 min <\/strong>(= 8 heures)<strong>\u00a0<\/strong>de coaching\u00a0minimum pour avancer sur un objectif, en fonction de l&#8217;\u00e9volution du coach\u00e9 vers son autonomie.<\/span><\/h5>\n<\/li>\n<li>\n<h5><span style=\"color: #000000;\">En cas o\u00f9 le coach\u00e9 souhaite travailler sur plusieurs objectifs: il faudra pr\u00e9voir un nombre d&#8217;heures suppl\u00e9mentaires de s\u00e9ances de coaching.<\/span><\/h5>\n<\/li>\n<li>\n<h5><span style=\"color: #000000;\">Les s\u00e9ances sont toutes les semaines pour permettre un <strong>SUIVI R\u00c9GULIER ET EFFICACE<\/strong> ;<\/span><\/h5>\n<\/li>\n<li>\n<h5><span style=\"color: #000000;\">Des exercices sont \u00e0 r\u00e9aliser par le coach\u00e9 et \u00e0 renvoyer par mail entre chaque s\u00e9ance\u00a0d&#8217;accompagnement ;<\/span><\/h5>\n<\/li>\n<li>\n<h5><span style=\"color: #000000;\">Chaque s\u00e9ance suivante permet de mettre en avant le travail r\u00e9alis\u00e9 par le coach\u00e9 : progr\u00e8s, difficult\u00e9s rencontr\u00e9es et ce qu\u2019il faut encore travailler pour atteindre l\u2019objectif principal ;<\/span><\/h5>\n<\/li>\n<li>\n<h5><span style=\"color: #000000;\"><strong>Le suivi r\u00e9gulier <\/strong>ou exceptionnel, par email (ou sur la plateforme)\u00a0<strong>sous forme de bilans de la s\u00e9ance\/ et des exercices<\/strong>\u00a0<strong>\u00e0 r\u00e9aliser par le coach\u00e9,\u00a0<\/strong> durant les inter-s\u00e9ances est possible et est compl\u00e8tement\u00a0<strong>GRATUIT !<\/strong><\/span><\/h5>\n<\/li>\n<li>\n<h5><span style=\"color: #000000;\">Les exercices, le questionnement et tous les supports sont issus des derni\u00e8res recherches en neurosciences et en d\u00e9veloppement personnel.<\/span><\/h5>\n<\/li>\n<li>\n<h5><span style=\"color: #000000;\">\u21d2 <strong>Chaque offre de coaching est d\u2019au minimum de 8 s\u00e9ances d\u2019une heure :\u00a0 \u00a0 \u00a0 560 \u20ac <\/strong>(1 s\u00e9ance de coaching en plus = 70 euros) + une s\u00e9ance de diagnostique \u00e0 80 euros.\u00a0<\/span><\/h5>\n<\/li>\n<\/ul>\n<h5><span style=\"color: #000000;\"><strong>\u00a0<\/strong><\/span><\/h5>\n<ul>\n<li>\n<h5><span style=\"color: #000000;\">Mes tarifs ne comprennent AUCUN frais de dossiers ou autres frais additionnels.<\/span><\/h5>\n<\/li>\n<li>\n<h5><span style=\"color: #000000;\">Types de paiements accept\u00e9s : virement bancaire et ch\u00e8que.<\/span><\/h5>\n<\/li>\n<li>\n<h5><span style=\"color: #000000;\"><strong>Le paiement s\u2019effectue en int\u00e9gralit\u00e9 avant de commencer le coaching ce qui permet l&#8217;engagement TOTAL du coach\u00e9 (ou pour faciliter le r\u00e8glement : avant chaque d\u00e9but de mois, selon votre situation et votre besoin).\u00a0<\/strong><\/span><\/h5>\n<\/li>\n<li>\n<h5><span style=\"color: #000000;\"><strong>Il faut r\u00e9server les s\u00e9ances \u00e0 l\u2019avance. <\/strong><\/span><\/h5>\n<\/li>\n<\/ul>\n<h5><span style=\"color: #000000;\"><strong>\u00a0<\/strong><\/span><\/h5>\n<h5><span style=\"color: #000000;\"><em>Lorsque nous convenons d&#8217;une s\u00e9ance, cet espace-temps vous est r\u00e9serv\u00e9 et je ne peux g\u00e9n\u00e9ralement pas l&#8217;attribuer \u00e0 quelqu&#8217;un d&#8217;autre \u00e0 la derni\u00e8re minute, en cas de d\u00e9sistement de votre part, toute s\u00e9ance programm\u00e9e reste \u00e0 payer sauf cas exceptionnels.<\/em><\/span><\/h5>\n<h5><span style=\"color: #000000;\"><em>Les s\u00e9ances de coaching durent 30 min mais nous pouvons pr\u00e9voir des s\u00e9ances d&#8217;1 heure selon vos besoins et en fonction de la probl\u00e9matique, de l&#8217;avancement ou de vos imp\u00e9ratifs personnels, au tarif horaire mentionn\u00e9 ci-dessus.<\/em><\/span><\/h5>\n<h5 style=\"text-align: center;\"><span style=\"color: #000000;\"><em><strong>&#8220;Il nous appartient de lib\u00e9rer notre potentiel et de croire en nous&#8221;. VD\u00a0<\/strong><\/em><\/span><\/h5>\n<h5 style=\"text-align: center;\"><span style=\"color: #000000;\"><em><strong>\u00a0<\/strong><\/em><\/span><\/h5>\n<h5 style=\"text-align: center;\"><span style=\"color: #000000;\"><em><strong>\u00a0<\/strong><\/em><\/span><\/h5>\n<h5 style=\"font-weight: 400; text-align: center;\"><span style=\"color: #000000;\"><b><strong>Vous \u00eates int\u00e9ress\u00e9 et souhaitez un devis ou vous avez besoin d&#8217;informations compl\u00e9mentaires ? <\/strong><\/b><\/span><\/h5>\n<h5 style=\"font-weight: 400; text-align: center;\"><span style=\"color: #000000;\"><b><strong>Remplissez le formulaire ci-dessous. A bient\u00f4t!<\/strong><\/b><\/span><\/h5>\n<h5 style=\"font-weight: 400; text-align: center;\"><span style=\"color: #000000;\"><a style=\"color: #000000;\" title=\"Contact form 1\" href=\"http:\/\/[contact-form-7 id=\" data-wplink-url-error=\"true\">\n<div class=\"wpcf7 no-js\" id=\"wpcf7-f6201-o1\" lang=\"en-US\" dir=\"ltr\" data-wpcf7-id=\"6201\">\n<div class=\"screen-reader-response\"><p role=\"status\" aria-live=\"polite\" aria-atomic=\"true\"><\/p> <ul><\/ul><\/div>\n<form action=\"\/en\/wp-json\/wp\/v2\/pages\/11549#wpcf7-f6201-o1\" method=\"post\" class=\"wpcf7-form init\" aria-label=\"Contact form\" novalidate=\"novalidate\" data-status=\"init\">\n<fieldset class=\"hidden-fields-container\"><input type=\"hidden\" name=\"_wpcf7\" value=\"6201\" \/><input type=\"hidden\" name=\"_wpcf7_version\" value=\"6.1.5\" \/><input type=\"hidden\" name=\"_wpcf7_locale\" value=\"en_US\" \/><input type=\"hidden\" name=\"_wpcf7_unit_tag\" value=\"wpcf7-f6201-o1\" \/><input type=\"hidden\" name=\"_wpcf7_container_post\" value=\"0\" \/><input type=\"hidden\" name=\"_wpcf7_posted_data_hash\" value=\"\" \/>\n<\/fieldset>\n<div class=\"contact-left\">\n\t<p><span class=\"wpcf7-form-control-wrap\" data-name=\"your-name\"><input size=\"40\" maxlength=\"400\" class=\"wpcf7-form-control wpcf7-text wpcf7-validates-as-required\" aria-required=\"true\" aria-invalid=\"false\" placeholder=\"Nom *\" value=\"\" type=\"text\" name=\"your-name\" \/><\/span>\n\t<\/p>\n\t<p><span class=\"wpcf7-form-control-wrap\" data-name=\"your-Surname\"><input size=\"40\" maxlength=\"400\" class=\"wpcf7-form-control wpcf7-text wpcf7-validates-as-required\" aria-required=\"true\" aria-invalid=\"false\" placeholder=\"Pr\u00e9nom *\" value=\"\" type=\"text\" name=\"your-Surname\" \/><\/span>\n\t<\/p>\n\t<p><span class=\"wpcf7-form-control-wrap\" data-name=\"your-email\"><input size=\"40\" maxlength=\"400\" class=\"wpcf7-form-control wpcf7-email wpcf7-validates-as-required wpcf7-text wpcf7-validates-as-email\" aria-required=\"true\" aria-invalid=\"false\" placeholder=\"Courriel *\" value=\"\" type=\"email\" name=\"your-email\" \/><\/span>\n\t<\/p>\n\t<p><span class=\"wpcf7-form-control-wrap\" data-name=\"your-subject\"><input size=\"40\" maxlength=\"400\" class=\"wpcf7-form-control wpcf7-text\" aria-invalid=\"false\" placeholder=\"Sujet\" value=\"\" type=\"text\" name=\"your-subject\" \/><\/span>\n\t<\/p>\n<\/div>\n<div class=\"contact-right\">\n\t<p><span class=\"wpcf7-form-control-wrap\" data-name=\"your-message\"><textarea cols=\"40\" rows=\"10\" maxlength=\"2000\" class=\"wpcf7-form-control wpcf7-textarea wpcf7-validates-as-required\" aria-required=\"true\" aria-invalid=\"false\" placeholder=\"Message *\" name=\"your-message\"><\/textarea><\/span>\n\t<\/p>\n<\/div>\n<p class=\"contact-submit\"><input class=\"wpcf7-form-control wpcf7-submit has-spinner\" type=\"submit\" value=\"Envoyer Un Message\" \/>\n<\/p>\n<p>J'ai lu et accepte la politique de confidentialit\u00e9 *\n<\/p><p style=\"display: none !important;\" class=\"akismet-fields-container\" data-prefix=\"_wpcf7_ak_\"><label>&#916;<textarea name=\"_wpcf7_ak_hp_textarea\" cols=\"45\" rows=\"8\" maxlength=\"100\"><\/textarea><\/label><input type=\"hidden\" id=\"ak_js_1\" name=\"_wpcf7_ak_js\" value=\"229\"\/><script type=\"text\/javascript\">\n\/* <![CDATA[ *\/\ndocument.getElementById( \"ak_js_1\" ).setAttribute( \"value\", ( new Date() ).getTime() );\n\/* ]]> *\/\n<\/script>\n<\/p><div class=\"wpcf7-response-output\" aria-hidden=\"true\"><\/div>\n<\/form>\n<\/div>\n<\/a><\/span><\/h5>\n<h5><span style=\"color: #000000;\"><img decoding=\"async\" src=\"https:\/\/apprendre-efficacement.fr\/wp-content\/uploads\/2020\/05\/CERVEAU-SUCCES-1.png\" sizes=\"(max-width: 323px) 100vw, 323px\" srcset=\"https:\/\/apprendre-efficacement.fr\/wp-content\/uploads\/2020\/05\/CERVEAU-SUCCES-1.png 323w, https:\/\/apprendre-efficacement.fr\/wp-content\/uploads\/2020\/05\/CERVEAU-SUCCES-1-300x250.png 300w, https:\/\/apprendre-efficacement.fr\/wp-content\/uploads\/2020\/05\/CERVEAU-SUCCES-1-60x50.png 60w\" alt=\"\" width=\"323\" height=\"269\" \/><\/span><\/h5>\n","protected":false},"excerpt":{"rendered":"<p>D\u00c9ROULEMENT\u00a0DES\u00a0S\u00c9ANCES D&#8217;ACCOMPAGNEMENT Je vous propose diff\u00e9rents services : \u21d2 COACHING INDIVIDUEL ET PERSONNALISE Comment se d\u00e9roulent-elles ? Lorsque vous d\u00e9cidez de vous inscrire \u00e0 un des coaching, un questionnaire pour&#8230;<\/p>\n","protected":false},"author":1,"featured_media":0,"parent":0,"menu_order":0,"comment_status":"closed","ping_status":"closed","template":"","meta":{"_bbp_topic_count":0,"_bbp_reply_count":0,"_bbp_total_topic_count":0,"_bbp_total_reply_count":0,"_bbp_voice_count":0,"_bbp_anonymous_reply_count":0,"_bbp_topic_count_hidden":0,"_bbp_reply_count_hidden":0,"_bbp_forum_subforum_count":0,"pmpro_default_level":0,"_monsterinsights_skip_tracking":false,"_monsterinsights_sitenote_active":false,"_monsterinsights_sitenote_note":"","_monsterinsights_sitenote_category":0,"footnotes":""},"class_list":["post-11549","page","type-page","status-publish","hentry","pmpro-has-access"],"yoast_head":"<!-- This site is optimized with the Yoast SEO plugin v22.0 - https:\/\/yoast.com\/wordpress\/plugins\/seo\/ -->\n<title>Coaching individuel et personnalis\u00e9 - Val\u00e9rie Dauchez<\/title>\n<meta name=\"robots\" content=\"index, follow, max-snippet:-1, max-image-preview:large, max-video-preview:-1\" \/>\n<link rel=\"canonical\" href=\"https:\/\/valeriedauchez.com\/en\/coaching-individuel-et-personnalise\/\" \/>\n<meta property=\"og:locale\" content=\"en_US\" \/>\n<meta property=\"og:type\" content=\"article\" \/>\n<meta property=\"og:title\" content=\"Coaching individuel et personnalis\u00e9 - Val\u00e9rie Dauchez\" \/>\n<meta property=\"og:description\" content=\"D\u00c9ROULEMENT\u00a0DES\u00a0S\u00c9ANCES D&#8217;ACCOMPAGNEMENT Je vous propose diff\u00e9rents services : \u21d2 COACHING INDIVIDUEL ET PERSONNALISE Comment se d\u00e9roulent-elles ? Lorsque vous d\u00e9cidez de vous inscrire \u00e0 un des coaching, un questionnaire pour...\" \/>\n<meta property=\"og:url\" content=\"https:\/\/valeriedauchez.com\/en\/coaching-individuel-et-personnalise\/\" \/>\n<meta property=\"og:site_name\" content=\"Val\u00e9rie Dauchez\" \/>\n<meta property=\"article:publisher\" content=\"https:\/\/www.facebook.com\/VD-Coaching-150244235648675\/\" \/>\n<meta property=\"article:modified_time\" content=\"2023-04-16T12:38:49+00:00\" \/>\n<meta property=\"og:image\" content=\"https:\/\/apprendre-efficacement.fr\/wp-content\/uploads\/2020\/05\/CERVEAU-SUCCES-1.png\" \/>\n<meta name=\"twitter:card\" content=\"summary_large_image\" \/>\n<meta name=\"twitter:label1\" content=\"Est. reading time\" \/>\n\t<meta name=\"twitter:data1\" content=\"6 minutes\" \/>\n<script type=\"application\/ld+json\" class=\"yoast-schema-graph\">{\"@context\":\"https:\/\/schema.org\",\"@graph\":[{\"@type\":\"WebPage\",\"@id\":\"https:\/\/valeriedauchez.com\/en\/coaching-individuel-et-personnalise\/\",\"url\":\"https:\/\/valeriedauchez.com\/en\/coaching-individuel-et-personnalise\/\",\"name\":\"Coaching individuel et personnalis\u00e9 - Val\u00e9rie Dauchez\",\"isPartOf\":{\"@id\":\"https:\/\/valeriedauchez.com\/#website\"},\"datePublished\":\"2019-08-27T12:42:25+00:00\",\"dateModified\":\"2023-04-16T12:38:49+00:00\",\"breadcrumb\":{\"@id\":\"https:\/\/valeriedauchez.com\/en\/coaching-individuel-et-personnalise\/#breadcrumb\"},\"inLanguage\":\"en-US\",\"potentialAction\":[{\"@type\":\"ReadAction\",\"target\":[\"https:\/\/valeriedauchez.com\/en\/coaching-individuel-et-personnalise\/\"]}]},{\"@type\":\"BreadcrumbList\",\"@id\":\"https:\/\/valeriedauchez.com\/en\/coaching-individuel-et-personnalise\/#breadcrumb\",\"itemListElement\":[{\"@type\":\"ListItem\",\"position\":1,\"name\":\"Accueil\",\"item\":\"https:\/\/valeriedauchez.com\/\"},{\"@type\":\"ListItem\",\"position\":2,\"name\":\"Coaching individuel et personnalis\u00e9\"}]},{\"@type\":\"WebSite\",\"@id\":\"https:\/\/valeriedauchez.com\/#website\",\"url\":\"https:\/\/valeriedauchez.com\/\",\"name\":\"Val\u00e9rie Dauchez\",\"description\":\"Les jeunes sont le changement que nous voulons voir dans le monde!\",\"publisher\":{\"@id\":\"https:\/\/valeriedauchez.com\/#organization\"},\"potentialAction\":[{\"@type\":\"SearchAction\",\"target\":{\"@type\":\"EntryPoint\",\"urlTemplate\":\"https:\/\/valeriedauchez.com\/?s={search_term_string}\"},\"query-input\":\"required name=search_term_string\"}],\"inLanguage\":\"en-US\"},{\"@type\":\"Organization\",\"@id\":\"https:\/\/valeriedauchez.com\/#organization\",\"name\":\"VD Coaching\",\"url\":\"https:\/\/valeriedauchez.com\/\",\"logo\":{\"@type\":\"ImageObject\",\"inLanguage\":\"en-US\",\"@id\":\"https:\/\/valeriedauchez.com\/#\/schema\/logo\/image\/\",\"url\":\"https:\/\/apprendre-efficacement.fr\/wp-content\/uploads\/2018\/03\/LOGO-VD-Coahcing-1.jpg\",\"contentUrl\":\"https:\/\/apprendre-efficacement.fr\/wp-content\/uploads\/2018\/03\/LOGO-VD-Coahcing-1.jpg\",\"width\":819,\"height\":819,\"caption\":\"VD Coaching\"},\"image\":{\"@id\":\"https:\/\/valeriedauchez.com\/#\/schema\/logo\/image\/\"},\"sameAs\":[\"https:\/\/www.facebook.com\/VD-Coaching-150244235648675\/\"]}]}<\/script>\n<!-- \/ Yoast SEO plugin. -->","yoast_head_json":{"title":"Coaching individuel et personnalis\u00e9 - Val\u00e9rie Dauchez","robots":{"index":"index","follow":"follow","max-snippet":"max-snippet:-1","max-image-preview":"max-image-preview:large","max-video-preview":"max-video-preview:-1"},"canonical":"https:\/\/valeriedauchez.com\/en\/coaching-individuel-et-personnalise\/","og_locale":"en_US","og_type":"article","og_title":"Coaching individuel et personnalis\u00e9 - Val\u00e9rie Dauchez","og_description":"D\u00c9ROULEMENT\u00a0DES\u00a0S\u00c9ANCES D&#8217;ACCOMPAGNEMENT Je vous propose diff\u00e9rents services : \u21d2 COACHING INDIVIDUEL ET PERSONNALISE Comment se d\u00e9roulent-elles ? Lorsque vous d\u00e9cidez de vous inscrire \u00e0 un des coaching, un questionnaire pour...","og_url":"https:\/\/valeriedauchez.com\/en\/coaching-individuel-et-personnalise\/","og_site_name":"Val\u00e9rie Dauchez","article_publisher":"https:\/\/www.facebook.com\/VD-Coaching-150244235648675\/","article_modified_time":"2023-04-16T12:38:49+00:00","og_image":[{"url":"https:\/\/apprendre-efficacement.fr\/wp-content\/uploads\/2020\/05\/CERVEAU-SUCCES-1.png"}],"twitter_card":"summary_large_image","twitter_misc":{"Est. reading time":"6 minutes"},"schema":{"@context":"https:\/\/schema.org","@graph":[{"@type":"WebPage","@id":"https:\/\/valeriedauchez.com\/en\/coaching-individuel-et-personnalise\/","url":"https:\/\/valeriedauchez.com\/en\/coaching-individuel-et-personnalise\/","name":"Coaching individuel et personnalis\u00e9 - Val\u00e9rie Dauchez","isPartOf":{"@id":"https:\/\/valeriedauchez.com\/#website"},"datePublished":"2019-08-27T12:42:25+00:00","dateModified":"2023-04-16T12:38:49+00:00","breadcrumb":{"@id":"https:\/\/valeriedauchez.com\/en\/coaching-individuel-et-personnalise\/#breadcrumb"},"inLanguage":"en-US","potentialAction":[{"@type":"ReadAction","target":["https:\/\/valeriedauchez.com\/en\/coaching-individuel-et-personnalise\/"]}]},{"@type":"BreadcrumbList","@id":"https:\/\/valeriedauchez.com\/en\/coaching-individuel-et-personnalise\/#breadcrumb","itemListElement":[{"@type":"ListItem","position":1,"name":"Accueil","item":"https:\/\/valeriedauchez.com\/"},{"@type":"ListItem","position":2,"name":"Coaching individuel et personnalis\u00e9"}]},{"@type":"WebSite","@id":"https:\/\/valeriedauchez.com\/#website","url":"https:\/\/valeriedauchez.com\/","name":"Val\u00e9rie Dauchez","description":"Les jeunes sont le changement que nous voulons voir dans le monde!","publisher":{"@id":"https:\/\/valeriedauchez.com\/#organization"},"potentialAction":[{"@type":"SearchAction","target":{"@type":"EntryPoint","urlTemplate":"https:\/\/valeriedauchez.com\/?s={search_term_string}"},"query-input":"required name=search_term_string"}],"inLanguage":"en-US"},{"@type":"Organization","@id":"https:\/\/valeriedauchez.com\/#organization","name":"VD Coaching","url":"https:\/\/valeriedauchez.com\/","logo":{"@type":"ImageObject","inLanguage":"en-US","@id":"https:\/\/valeriedauchez.com\/#\/schema\/logo\/image\/","url":"https:\/\/apprendre-efficacement.fr\/wp-content\/uploads\/2018\/03\/LOGO-VD-Coahcing-1.jpg","contentUrl":"https:\/\/apprendre-efficacement.fr\/wp-content\/uploads\/2018\/03\/LOGO-VD-Coahcing-1.jpg","width":819,"height":819,"caption":"VD Coaching"},"image":{"@id":"https:\/\/valeriedauchez.com\/#\/schema\/logo\/image\/"},"sameAs":["https:\/\/www.facebook.com\/VD-Coaching-150244235648675\/"]}]}},"_links":{"self":[{"href":"https:\/\/valeriedauchez.com\/en\/wp-json\/wp\/v2\/pages\/11549","targetHints":{"allow":["GET"]}}],"collection":[{"href":"https:\/\/valeriedauchez.com\/en\/wp-json\/wp\/v2\/pages"}],"about":[{"href":"https:\/\/valeriedauchez.com\/en\/wp-json\/wp\/v2\/types\/page"}],"author":[{"embeddable":true,"href":"https:\/\/valeriedauchez.com\/en\/wp-json\/wp\/v2\/users\/1"}],"replies":[{"embeddable":true,"href":"https:\/\/valeriedauchez.com\/en\/wp-json\/wp\/v2\/comments?post=11549"}],"version-history":[{"count":183,"href":"https:\/\/valeriedauchez.com\/en\/wp-json\/wp\/v2\/pages\/11549\/revisions"}],"predecessor-version":[{"id":13471,"href":"https:\/\/valeriedauchez.com\/en\/wp-json\/wp\/v2\/pages\/11549\/revisions\/13471"}],"wp:attachment":[{"href":"https:\/\/valeriedauchez.com\/en\/wp-json\/wp\/v2\/media?parent=11549"}],"curies":[{"name":"wp","href":"https:\/\/api.w.org\/{rel}","templated":true}]}}